{"id":3125,"date":"2023-05-12T10:54:56","date_gmt":"2023-05-12T08:54:56","guid":{"rendered":"https:\/\/mbhcomunicacion.com\/?page_id=3125"},"modified":"2025-02-28T15:59:17","modified_gmt":"2025-02-28T14:59:17","slug":"pablo-sainz-villegas","status":"publish","type":"page","link":"https:\/\/mbhcomunicacion.com\/en\/pablo-sainz-villegas\/","title":{"rendered":"PABLO SAINZ-VILLEGAS"},"content":{"rendered":"<div data-elementor-type=\"wp-page\" data-elementor-id=\"3125\" class=\"elementor elementor-3125\" data-elementor-post-type=\"page\">\n\t\t\t\t\t\t<section class=\"elementor-section elementor-top-section elementor-element elementor-element-e29b844 elementor-section-full_width elementor-section-height-min-height elementor-section-stretched elementor-section-height-default elementor-section-items-middle\" data-id=\"e29b844\" data-element_type=\"section\" data-e-type=\"section\" data-settings=\"{&quot;stretch_section&quot;:&quot;section-stretched&quot;,&quot;background_background&quot;:&quot;classic&quot;}\">\n\t\t\t\t\t\t\t<div class=\"elementor-background-overlay\"><\/div>\n\t\t\t\t\t\t\t<div class=\"elementor-container elementor-column-gap-default\">\n\t\t\t\t\t<div class=\"elementor-column elementor-col-100 elementor-top-column elementor-element elementor-element-7231042\" data-id=\"7231042\" data-element_type=\"column\" data-e-type=\"column\">\n\t\t\t<div class=\"elementor-widget-wrap elementor-element-populated\">\n\t\t\t\t\t\t<div class=\"elementor-element elementor-element-9d0c341 animated-slow elementor-invisible elementor-widget elementor-widget-heading\" data-id=\"9d0c341\" data-element_type=\"widget\" data-e-type=\"widget\" data-settings=\"{&quot;_animation&quot;:&quot;slideInLeft&quot;,&quot;_animation_delay&quot;:1000}\" data-widget_type=\"heading.default\">\n\t\t\t\t<div class=\"elementor-widget-container\">\n\t\t\t\t\t<h6 class=\"elementor-heading-title elementor-size-default\">PROJECTS<\/h6>\t\t\t\t<\/div>\n\t\t\t\t<\/div>\n\t\t\t\t<div class=\"elementor-element elementor-element-7b52df2 animated-slow elementor-invisible elementor-widget elementor-widget-heading\" data-id=\"7b52df2\" data-element_type=\"widget\" data-e-type=\"widget\" data-settings=\"{&quot;_animation&quot;:&quot;fadeIn&quot;}\" data-widget_type=\"heading.default\">\n\t\t\t\t<div class=\"elementor-widget-container\">\n\t\t\t\t\t<h6 class=\"elementor-heading-title elementor-size-default\">PABLO SAINZ-VILLEGAS<\/h6>\t\t\t\t<\/div>\n\t\t\t\t<\/div>\n\t\t\t\t\t<\/div>\n\t\t<\/div>\n\t\t\t\t\t<\/div>\n\t\t<\/section>\n\t\t\t\t<section class=\"elementor-section elementor-top-section elementor-element elementor-element-76602c2 elementor-section-content-middle elementor-section-stretched elementor-section-boxed elementor-section-height-default elementor-section-height-default\" data-id=\"76602c2\" data-element_type=\"section\" data-e-type=\"section\" data-settings=\"{&quot;background_background&quot;:&quot;classic&quot;,&quot;stretch_section&quot;:&quot;section-stretched&quot;}\">\n\t\t\t\t\t\t<div class=\"elementor-container elementor-column-gap-default\">\n\t\t\t\t\t<div class=\"elementor-column elementor-col-50 elementor-top-column elementor-element elementor-element-f9576d2\" data-id=\"f9576d2\" data-element_type=\"column\" data-e-type=\"column\">\n\t\t\t<div class=\"elementor-widget-wrap elementor-element-populated\">\n\t\t\t\t\t\t<div class=\"elementor-element elementor-element-752bb7f elementor-widget elementor-widget-heading\" data-id=\"752bb7f\" data-element_type=\"widget\" data-e-type=\"widget\" data-widget_type=\"heading.default\">\n\t\t\t\t<div class=\"elementor-widget-container\">\n\t\t\t\t\t<h4 class=\"elementor-heading-title elementor-size-default\">Proyectos 2021 - 2025<\/h4>\t\t\t\t<\/div>\n\t\t\t\t<\/div>\n\t\t\t\t<div class=\"elementor-element elementor-element-e596f4d elementor-widget elementor-widget-text-editor\" data-id=\"e596f4d\" data-element_type=\"widget\" data-e-type=\"widget\" data-widget_type=\"text-editor.default\">\n\t\t\t\t<div class=\"elementor-widget-container\">\n\t\t\t\t\t\t\t\t\t<p align=\"justify\">Pablo Sainz-Villegas, el mayor exponente internacional de la guitarra cl\u00e1sica espa\u00f1ola, actuar\u00e1 en el Carnegie Hall de Nueva York el d\u00eda 1 de marzo. Ser\u00e1 una de las grandes citas en su presente temporada. Tambi\u00e9n ha presentado la cuarta edici\u00f3n de \u2018La Rioja Festival\u2019 del 16 al 25 de marzo para proyectar La Rioja a trav\u00e9s de la m\u00fasica como destino mundial.<\/p>\t\t\t\t\t\t\t\t<\/div>\n\t\t\t\t<\/div>\n\t\t\t\t\t<\/div>\n\t\t<\/div>\n\t\t\t\t<div class=\"elementor-column elementor-col-50 elementor-top-column elementor-element elementor-element-251fada elementor-invisible\" data-id=\"251fada\" data-element_type=\"column\" data-e-type=\"column\" data-settings=\"{&quot;motion_fx_motion_fx_mouse&quot;:&quot;yes&quot;,&quot;animation&quot;:&quot;zoomIn&quot;}\">\n\t\t\t<div class=\"elementor-widget-wrap elementor-element-populated\">\n\t\t\t\t\t<div class=\"elementor-background-overlay\"><\/div>\n\t\t\t\t\t\t<div class=\"elementor-element elementor-element-1ed2808 elementor-widget elementor-widget-image\" data-id=\"1ed2808\" data-element_type=\"widget\" data-e-type=\"widget\" data-widget_type=\"image.default\">\n\t\t\t\t<div class=\"elementor-widget-container\">\n\t\t\t\t\t\t\t\t\t\t\t\t\t\t\t<img fetchpriority=\"high\" decoding=\"async\" width=\"750\" height=\"500\" src=\"https:\/\/i0.wp.com\/mbhcomunicacion.com\/wp-content\/uploads\/2024\/02\/pablo.jpg?fit=750%2C500&amp;ssl=1\" class=\"attachment-large size-large wp-image-5074\" alt=\"Pablo Sainz Villegas\" srcset=\"https:\/\/i0.wp.com\/mbhcomunicacion.com\/wp-content\/uploads\/2024\/02\/pablo.jpg?w=1500&amp;ssl=1 1500w, https:\/\/i0.wp.com\/mbhcomunicacion.com\/wp-content\/uploads\/2024\/02\/pablo.jpg?resize=300%2C200&amp;ssl=1 300w, https:\/\/i0.wp.com\/mbhcomunicacion.com\/wp-content\/uploads\/2024\/02\/pablo.jpg?resize=1024%2C683&amp;ssl=1 1024w, https:\/\/i0.wp.com\/mbhcomunicacion.com\/wp-content\/uploads\/2024\/02\/pablo.jpg?resize=768%2C512&amp;ssl=1 768w, https:\/\/i0.wp.com\/mbhcomunicacion.com\/wp-content\/uploads\/2024\/02\/pablo.jpg?resize=18%2C12&amp;ssl=1 18w, https:\/\/i0.wp.com\/mbhcomunicacion.com\/wp-content\/uploads\/2024\/02\/pablo.jpg?resize=1200%2C800&amp;ssl=1 1200w\" sizes=\"(max-width: 750px) 100vw, 750px\" data-attachment-id=\"5074\" data-permalink=\"https:\/\/mbhcomunicacion.com\/pablo-sainz-villegas\/pablo-2\/\" data-orig-file=\"https:\/\/i0.wp.com\/mbhcomunicacion.com\/wp-content\/uploads\/2024\/02\/pablo.jpg?fit=1500%2C1000&amp;ssl=1\" data-orig-size=\"1500,1000\" data-comments-opened=\"1\" data-image-meta=\"{&quot;aperture&quot;:&quot;0&quot;,&quot;credit&quot;:&quot;&quot;,&quot;camera&quot;:&quot;&quot;,&quot;caption&quot;:&quot;&quot;,&quot;created_timestamp&quot;:&quot;0&quot;,&quot;copyright&quot;:&quot;&quot;,&quot;focal_length&quot;:&quot;0&quot;,&quot;iso&quot;:&quot;0&quot;,&quot;shutter_speed&quot;:&quot;0&quot;,&quot;title&quot;:&quot;&quot;,&quot;orientation&quot;:&quot;0&quot;}\" data-image-title=\"pablo\" data-image-description=\"\" data-image-caption=\"\" data-large-file=\"https:\/\/i0.wp.com\/mbhcomunicacion.com\/wp-content\/uploads\/2024\/02\/pablo.jpg?fit=750%2C500&amp;ssl=1\" \/>\t\t\t\t\t\t\t\t\t\t\t\t\t\t\t<\/div>\n\t\t\t\t<\/div>\n\t\t\t\t\t<\/div>\n\t\t<\/div>\n\t\t\t\t\t<\/div>\n\t\t<\/section>\n\t\t\t\t<section class=\"elementor-section elementor-top-section elementor-element elementor-element-ae0ddfb elementor-section-content-middle elementor-section-full_width elementor-section-stretched elementor-section-height-default elementor-section-height-default\" data-id=\"ae0ddfb\" data-element_type=\"section\" data-e-type=\"section\" data-settings=\"{&quot;stretch_section&quot;:&quot;section-stretched&quot;,&quot;background_background&quot;:&quot;classic&quot;}\">\n\t\t\t\t\t\t<div class=\"elementor-container elementor-column-gap-no\">\n\t\t\t\t\t<div class=\"elementor-column elementor-col-100 elementor-top-column elementor-element elementor-element-8fcf4a1\" data-id=\"8fcf4a1\" data-element_type=\"column\" data-e-type=\"column\">\n\t\t\t<div class=\"elementor-widget-wrap elementor-element-populated\">\n\t\t\t\t\t\t<div class=\"elementor-element elementor-element-708812a elementor-widget elementor-widget-heading\" data-id=\"708812a\" data-element_type=\"widget\" data-e-type=\"widget\" data-widget_type=\"heading.default\">\n\t\t\t\t<div class=\"elementor-widget-container\">\n\t\t\t\t\t<h4 class=\"elementor-heading-title elementor-size-default\">Most relevant actions<\/h4>\t\t\t\t<\/div>\n\t\t\t\t<\/div>\n\t\t\t\t<section class=\"elementor-section elementor-inner-section elementor-element elementor-element-95c09ed elementor-section-content-middle elementor-section-full_width elementor-section-height-default elementor-section-height-default\" data-id=\"95c09ed\" data-element_type=\"section\" data-e-type=\"section\">\n\t\t\t\t\t\t<div class=\"elementor-container elementor-column-gap-extended\">\n\t\t\t\t\t<div class=\"elementor-column elementor-col-33 elementor-inner-column elementor-element elementor-element-aa6b3e9\" data-id=\"aa6b3e9\" data-element_type=\"column\" data-e-type=\"column\">\n\t\t\t<div class=\"elementor-widget-wrap elementor-element-populated\">\n\t\t\t\t\t\t<div class=\"elementor-element elementor-element-52b1ccd elementor-view-default elementor-widget elementor-widget-icon\" data-id=\"52b1ccd\" data-element_type=\"widget\" data-e-type=\"widget\" data-widget_type=\"icon.default\">\n\t\t\t\t<div class=\"elementor-widget-container\">\n\t\t\t\t\t\t\t<div class=\"elementor-icon-wrapper\">\n\t\t\t<a class=\"elementor-icon\" href=\"https:\/\/elpais.com\/cultura\/2021-09-24\/pablo-sainz-villegas-me-escribo-con-john-williams-por-correo-postal.html\" target=\"_blank\">\n\t\t\t<i aria-hidden=\"true\" class=\"fas fa-search\"><\/i>\t\t\t<\/a>\n\t\t<\/div>\n\t\t\t\t\t\t<\/div>\n\t\t\t\t<\/div>\n\t\t\t\t<div class=\"elementor-element elementor-element-1bc14bc elementor-align-center elementor-widget elementor-widget-button\" data-id=\"1bc14bc\" data-element_type=\"widget\" data-e-type=\"widget\" data-widget_type=\"button.default\">\n\t\t\t\t<div class=\"elementor-widget-container\">\n\t\t\t\t\t\t\t\t\t<div class=\"elementor-button-wrapper\">\n\t\t\t\t\t<a class=\"elementor-button elementor-button-link elementor-size-sm\" href=\"https:\/\/elpais.com\/cultura\/2021-09-24\/pablo-sainz-villegas-me-escribo-con-john-williams-por-correo-postal.html\" target=\"_blank\">\n\t\t\t\t\t\t<span class=\"elementor-button-content-wrapper\">\n\t\t\t\t\t\t\t\t\t<span class=\"elementor-button-text\">EL PA\u00cdS<\/span>\n\t\t\t\t\t<\/span>\n\t\t\t\t\t<\/a>\n\t\t\t\t<\/div>\n\t\t\t\t\t\t\t\t<\/div>\n\t\t\t\t<\/div>\n\t\t\t\t<div class=\"elementor-element elementor-element-3ad414e elementor-widget elementor-widget-heading\" data-id=\"3ad414e\" data-element_type=\"widget\" data-e-type=\"widget\" data-widget_type=\"heading.default\">\n\t\t\t\t<div class=\"elementor-widget-container\">\n\t\t\t\t\t<h5 class=\"elementor-heading-title elementor-size-default\">Interview on the back cover on the occasion of the 2021 projects<\/h5>\t\t\t\t<\/div>\n\t\t\t\t<\/div>\n\t\t\t\t\t<\/div>\n\t\t<\/div>\n\t\t\t\t<div class=\"elementor-column elementor-col-33 elementor-inner-column elementor-element elementor-element-4f7396d\" data-id=\"4f7396d\" data-element_type=\"column\" data-e-type=\"column\">\n\t\t\t<div class=\"elementor-widget-wrap elementor-element-populated\">\n\t\t\t\t\t\t<div class=\"elementor-element elementor-element-0b04daf elementor-view-default elementor-widget elementor-widget-icon\" data-id=\"0b04daf\" data-element_type=\"widget\" data-e-type=\"widget\" data-widget_type=\"icon.default\">\n\t\t\t\t<div class=\"elementor-widget-container\">\n\t\t\t\t\t\t\t<div class=\"elementor-icon-wrapper\">\n\t\t\t<a class=\"elementor-icon\" href=\"https:\/\/www.elmundo.es\/papel\/2021\/04\/20\/607d758821efa0b1118b45a5.html\" target=\"_blank\">\n\t\t\t<i aria-hidden=\"true\" class=\"fas fa-search\"><\/i>\t\t\t<\/a>\n\t\t<\/div>\n\t\t\t\t\t\t<\/div>\n\t\t\t\t<\/div>\n\t\t\t\t<div class=\"elementor-element elementor-element-47c5880 elementor-align-center elementor-widget elementor-widget-button\" data-id=\"47c5880\" data-element_type=\"widget\" data-e-type=\"widget\" data-widget_type=\"button.default\">\n\t\t\t\t<div class=\"elementor-widget-container\">\n\t\t\t\t\t\t\t\t\t<div class=\"elementor-button-wrapper\">\n\t\t\t\t\t<a class=\"elementor-button elementor-button-link elementor-size-sm\" href=\"https:\/\/www.elmundo.es\/papel\/2021\/04\/20\/607d758821efa0b1118b45a5.html\" target=\"_blank\">\n\t\t\t\t\t\t<span class=\"elementor-button-content-wrapper\">\n\t\t\t\t\t\t\t\t\t<span class=\"elementor-button-text\">EL MUNDO<\/span>\n\t\t\t\t\t<\/span>\n\t\t\t\t\t<\/a>\n\t\t\t\t<\/div>\n\t\t\t\t\t\t\t\t<\/div>\n\t\t\t\t<\/div>\n\t\t\t\t<div class=\"elementor-element elementor-element-e8abe34 elementor-widget elementor-widget-heading\" data-id=\"e8abe34\" data-element_type=\"widget\" data-e-type=\"widget\" data-widget_type=\"heading.default\">\n\t\t\t\t<div class=\"elementor-widget-container\">\n\t\t\t\t\t<h5 class=\"elementor-heading-title elementor-size-default\">Interview on the back cover on the occasion of the 2021 projects<\/h5>\t\t\t\t<\/div>\n\t\t\t\t<\/div>\n\t\t\t\t\t<\/div>\n\t\t<\/div>\n\t\t\t\t<div class=\"elementor-column elementor-col-33 elementor-inner-column elementor-element elementor-element-443cc1d\" data-id=\"443cc1d\" data-element_type=\"column\" data-e-type=\"column\">\n\t\t\t<div class=\"elementor-widget-wrap elementor-element-populated\">\n\t\t\t\t\t\t<div class=\"elementor-element elementor-element-20e1771 elementor-view-default elementor-widget elementor-widget-icon\" data-id=\"20e1771\" data-element_type=\"widget\" data-e-type=\"widget\" data-widget_type=\"icon.default\">\n\t\t\t\t<div class=\"elementor-widget-container\">\n\t\t\t\t\t\t\t<div class=\"elementor-icon-wrapper\">\n\t\t\t<a class=\"elementor-icon\" href=\"https:\/\/www.elconfidencial.com\/cultura\/2022-06-20\/concurso-cante-jondo-1922-festival-de-granada_3444051\/\" target=\"_blank\">\n\t\t\t<i aria-hidden=\"true\" class=\"fas fa-search\"><\/i>\t\t\t<\/a>\n\t\t<\/div>\n\t\t\t\t\t\t<\/div>\n\t\t\t\t<\/div>\n\t\t\t\t<div class=\"elementor-element elementor-element-33703ea elementor-align-center elementor-widget elementor-widget-button\" data-id=\"33703ea\" data-element_type=\"widget\" data-e-type=\"widget\" data-widget_type=\"button.default\">\n\t\t\t\t<div class=\"elementor-widget-container\">\n\t\t\t\t\t\t\t\t\t<div class=\"elementor-button-wrapper\">\n\t\t\t\t\t<a class=\"elementor-button elementor-button-link elementor-size-sm\" href=\"https:\/\/www.youtube.com\/watch?v=2uOYcKh_XL8\" target=\"_blank\">\n\t\t\t\t\t\t<span class=\"elementor-button-content-wrapper\">\n\t\t\t\t\t\t\t\t\t<span class=\"elementor-button-text\">INFORMATIVOS TELECINCO<\/span>\n\t\t\t\t\t<\/span>\n\t\t\t\t\t<\/a>\n\t\t\t\t<\/div>\n\t\t\t\t\t\t\t\t<\/div>\n\t\t\t\t<\/div>\n\t\t\t\t<div class=\"elementor-element elementor-element-5409628 elementor-widget elementor-widget-heading\" data-id=\"5409628\" data-element_type=\"widget\" data-e-type=\"widget\" data-widget_type=\"heading.default\">\n\t\t\t\t<div class=\"elementor-widget-container\">\n\t\t\t\t\t<h5 class=\"elementor-heading-title elementor-size-default\">Interview on the occasion of his performance in the 'Met Stars Live In Concert' cycle of the Metropolitan Opera House in New York in 2021<\/h5>\t\t\t\t<\/div>\n\t\t\t\t<\/div>\n\t\t\t\t\t<\/div>\n\t\t<\/div>\n\t\t\t\t\t<\/div>\n\t\t<\/section>\n\t\t\t\t<section class=\"elementor-section elementor-inner-section elementor-element elementor-element-cd39795 elementor-section-content-middle elementor-section-full_width elementor-section-height-default elementor-section-height-default\" data-id=\"cd39795\" data-element_type=\"section\" data-e-type=\"section\">\n\t\t\t\t\t\t<div class=\"elementor-container elementor-column-gap-extended\">\n\t\t\t\t\t<div class=\"elementor-column elementor-col-100 elementor-inner-column elementor-element elementor-element-be71904\" data-id=\"be71904\" data-element_type=\"column\" data-e-type=\"column\">\n\t\t\t<div class=\"elementor-widget-wrap elementor-element-populated\">\n\t\t\t\t\t\t<div class=\"elementor-element elementor-element-f02e970 elementor-align-center elementor-widget elementor-widget-button\" data-id=\"f02e970\" data-element_type=\"widget\" data-e-type=\"widget\" data-widget_type=\"button.default\">\n\t\t\t\t<div class=\"elementor-widget-container\">\n\t\t\t\t\t\t\t\t\t<div class=\"elementor-button-wrapper\">\n\t\t\t\t\t<a class=\"elementor-button elementor-button-link elementor-size-sm\" href=\"https:\/\/www.youtube.com\/watch?v=ZPKiSzRhC_g&#038;t=5s&#038;ab_channel=LaRevuelta\" target=\"_blank\">\n\t\t\t\t\t\t<span class=\"elementor-button-content-wrapper\">\n\t\t\t\t\t\t\t\t\t<span class=\"elementor-button-text\">LA REVUELTA<\/span>\n\t\t\t\t\t<\/span>\n\t\t\t\t\t<\/a>\n\t\t\t\t<\/div>\n\t\t\t\t\t\t\t\t<\/div>\n\t\t\t\t<\/div>\n\t\t\t\t<div class=\"elementor-element elementor-element-3dfe24e elementor-widget elementor-widget-heading\" data-id=\"3dfe24e\" data-element_type=\"widget\" data-e-type=\"widget\" data-widget_type=\"heading.default\">\n\t\t\t\t<div class=\"elementor-widget-container\">\n\t\t\t\t\t<h5 class=\"elementor-heading-title elementor-size-default\">Entrevista con motivo de los proyectos en 2025<\/h5>\t\t\t\t<\/div>\n\t\t\t\t<\/div>\n\t\t\t\t<div class=\"elementor-element elementor-element-464e531 elementor-widget elementor-widget-video\" data-id=\"464e531\" data-element_type=\"widget\" data-e-type=\"widget\" data-settings=\"{&quot;youtube_url&quot;:&quot;https:\\\/\\\/www.youtube.com\\\/watch?v=ZPKiSzRhC_g&amp;t=5s&amp;ab_channel=LaRevuelta&quot;,&quot;video_type&quot;:&quot;youtube&quot;,&quot;controls&quot;:&quot;yes&quot;}\" data-widget_type=\"video.default\">\n\t\t\t\t<div class=\"elementor-widget-container\">\n\t\t\t\t\t\t\t<div class=\"elementor-wrapper elementor-open-inline\">\n\t\t\t<div class=\"elementor-video\"><\/div>\t\t<\/div>\n\t\t\t\t\t\t<\/div>\n\t\t\t\t<\/div>\n\t\t\t\t\t<\/div>\n\t\t<\/div>\n\t\t\t\t\t<\/div>\n\t\t<\/section>\n\t\t\t\t\t<\/div>\n\t\t<\/div>\n\t\t\t\t\t<\/div>\n\t\t<\/section>\n\t\t\t\t<section class=\"elementor-section elementor-top-section elementor-element elementor-element-0b93944 elementor-section-full_width elementor-section-stretched elementor-section-height-default elementor-section-height-default\" data-id=\"0b93944\" data-element_type=\"section\" data-e-type=\"section\" data-settings=\"{&quot;stretch_section&quot;:&quot;section-stretched&quot;}\">\n\t\t\t\t\t\t<div class=\"elementor-container elementor-column-gap-default\">\n\t\t\t\t\t<div class=\"elementor-column elementor-col-100 elementor-top-column elementor-element elementor-element-33b3bf8\" data-id=\"33b3bf8\" data-element_type=\"column\" data-e-type=\"column\">\n\t\t\t<div class=\"elementor-widget-wrap elementor-element-populated\">\n\t\t\t\t\t\t<div class=\"elementor-element elementor-element-429beef elementor-grid-1 elementor-widget__width-initial elementor-fixed elementor-shape-rounded e-grid-align-center elementor-widget elementor-widget-social-icons\" data-id=\"429beef\" data-element_type=\"widget\" data-e-type=\"widget\" data-settings=\"{&quot;_position&quot;:&quot;fixed&quot;}\" data-widget_type=\"social-icons.default\">\n\t\t\t\t<div class=\"elementor-widget-container\">\n\t\t\t\t\t\t\t<div class=\"elementor-social-icons-wrapper elementor-grid\" role=\"list\">\n\t\t\t\t\t\t\t<span class=\"elementor-grid-item\" role=\"listitem\">\n\t\t\t\t\t<a class=\"elementor-icon elementor-social-icon elementor-social-icon-instagram elementor-repeater-item-f07ac57\" href=\"https:\/\/www.instagram.com\/mbh_comunicacion\/?hl=es\" target=\"_blank\">\n\t\t\t\t\t\t<span class=\"elementor-screen-only\">Instagram<\/span>\n\t\t\t\t\t\t<i aria-hidden=\"true\" class=\"fab fa-instagram\"><\/i>\t\t\t\t\t<\/a>\n\t\t\t\t<\/span>\n\t\t\t\t\t\t\t<span class=\"elementor-grid-item\" role=\"listitem\">\n\t\t\t\t\t<a class=\"elementor-icon elementor-social-icon elementor-social-icon-twitter elementor-repeater-item-539d75e\" href=\"https:\/\/twitter.com\/MbhComunicacion\" target=\"_blank\">\n\t\t\t\t\t\t<span class=\"elementor-screen-only\">Twitter<\/span>\n\t\t\t\t\t\t<i aria-hidden=\"true\" class=\"fab fa-twitter\"><\/i>\t\t\t\t\t<\/a>\n\t\t\t\t<\/span>\n\t\t\t\t\t\t\t<span class=\"elementor-grid-item\" role=\"listitem\">\n\t\t\t\t\t<a class=\"elementor-icon elementor-social-icon elementor-social-icon-facebook elementor-repeater-item-436787b\" href=\"https:\/\/www.facebook.com\/MBHComunicacion\" target=\"_blank\">\n\t\t\t\t\t\t<span class=\"elementor-screen-only\">Facebook<\/span>\n\t\t\t\t\t\t<i aria-hidden=\"true\" class=\"fab fa-facebook\"><\/i>\t\t\t\t\t<\/a>\n\t\t\t\t<\/span>\n\t\t\t\t\t\t\t<span class=\"elementor-grid-item\" role=\"listitem\">\n\t\t\t\t\t<a class=\"elementor-icon elementor-social-icon elementor-social-icon-youtube elementor-repeater-item-3561770\" href=\"https:\/\/www.youtube.com\/channel\/UCfCmvO_r4M6rMH2-00qF1eA\" target=\"_blank\">\n\t\t\t\t\t\t<span class=\"elementor-screen-only\">Youtube<\/span>\n\t\t\t\t\t\t<i aria-hidden=\"true\" class=\"fab fa-youtube\"><\/i>\t\t\t\t\t<\/a>\n\t\t\t\t<\/span>\n\t\t\t\t\t<\/div>\n\t\t\t\t\t\t<\/div>\n\t\t\t\t<\/div>\n\t\t\t\t\t<\/div>\n\t\t<\/div>\n\t\t\t\t\t<\/div>\n\t\t<\/section>\n\t\t\t\t<\/div>","protected":false},"excerpt":{"rendered":"<p>PROYECTOS PABLO SAINZ-VILLEGAS Proyectos 2021 &#8211; 2025 Pablo Sainz-Villegas, el mayor exponente internacional de la guitarra cl\u00e1sica espa\u00f1ola, actuar\u00e1 en el Carnegie Hall de Nueva York el d\u00eda 1 de marzo. Ser\u00e1 una de las grandes citas en su presente temporada. Tambi\u00e9n ha presentado la cuarta edici\u00f3n de \u2018La Rioja Festival\u2019 del 16 al 25<a class=\"more-link\" href=\"https:\/\/mbhcomunicacion.com\/en\/pablo-sainz-villegas\/\">Continue reading <span class=\"screen-reader-text\">\u00abPABLO SAINZ-VILLEGAS\u00bb<\/span><\/a><\/p>","protected":false},"author":42497691,"featured_media":2632,"parent":0,"menu_order":0,"comment_status":"closed","ping_status":"closed","template":"","meta":{"_wpcom_ai_launchpad_about_page":false,"_wpcom_ai_launchpad_gallery_page":false,"_wpcom_ai_launchpad_contact_page":false,"_wpcom_ai_launchpad_events_page":false,"_wpcom_ai_launchpad_video_page":false,"_wpcom_ai_launchpad_portfolio_piece":false,"footnotes":""},"class_list":["post-3125","page","type-page","status-publish","has-post-thumbnail","hentry","entry"],"yoast_head":"<!-- This site is optimized with the Yoast SEO plugin v28.4 - https:\/\/yoast.com\/product\/yoast-seo-wordpress\/ -->\n<title>Pablo Sainz-Villegas - MBH Comunicaci\u00f3n<\/title>\n<meta name=\"description\" content=\"Pablo Sainz-Villegas trabaja con MBH Comunicaci\u00f3n, agencia que desarrolla planes de comunicaci\u00f3n en el \u00e1mbito cultural, generando estrategias diferenciadoras y contenidos audiovisuales \u00fanicos para su difusi\u00f3n medi\u00e1tica y corporativa.\" \/>\n<meta name=\"robots\" content=\"index, follow, max-snippet:-1, max-image-preview:large, max-video-preview:-1\" \/>\n<link rel=\"canonical\" href=\"https:\/\/mbhcomunicacion.com\/en\/pablo-sainz-villegas\/\" \/>\n<meta property=\"og:locale\" content=\"en_GB\" \/>\n<meta property=\"og:type\" content=\"article\" \/>\n<meta property=\"og:title\" content=\"Pablo Sainz-Villegas - MBH Comunicaci\u00f3n\" \/>\n<meta property=\"og:description\" content=\"Pablo Sainz-Villegas trabaja con MBH Comunicaci\u00f3n, agencia que desarrolla planes de comunicaci\u00f3n en el \u00e1mbito cultural, generando estrategias diferenciadoras y contenidos audiovisuales \u00fanicos para su difusi\u00f3n medi\u00e1tica y corporativa.\" \/>\n<meta property=\"og:url\" content=\"https:\/\/mbhcomunicacion.com\/en\/pablo-sainz-villegas\/\" \/>\n<meta property=\"og:site_name\" content=\"MBH Comunicaci\u00f3n\" \/>\n<meta property=\"article:publisher\" content=\"https:\/\/www.facebook.com\/MBHComunicacion\" \/>\n<meta property=\"article:modified_time\" content=\"2025-02-28T14:59:17+00:00\" \/>\n<meta property=\"og:image\" content=\"https:\/\/mbhcomunicacion.com\/wp-content\/uploads\/2023\/04\/10_Pablo-Sainz-Villegas-\u00a9-Rafael-Lafuente.jpg\" \/>\n\t<meta property=\"og:image:width\" content=\"3543\" \/>\n\t<meta property=\"og:image:height\" content=\"2362\" \/>\n\t<meta property=\"og:image:type\" content=\"image\/jpeg\" \/>\n<meta name=\"twitter:card\" content=\"summary_large_image\" \/>\n<meta name=\"twitter:site\" content=\"@MbhComunicacion\" \/>\n<meta name=\"twitter:label1\" content=\"Estimated reading time\" \/>\n\t<meta name=\"twitter:data1\" content=\"1 minute\" \/>\n<script type=\"application\/ld+json\" class=\"yoast-schema-graph\">{\"@context\":\"https:\\\/\\\/schema.org\",\"@graph\":[{\"@type\":\"WebPage\",\"@id\":\"https:\\\/\\\/mbhcomunicacion.com\\\/pablo-sainz-villegas\\\/\",\"url\":\"https:\\\/\\\/mbhcomunicacion.com\\\/pablo-sainz-villegas\\\/\",\"name\":\"Pablo Sainz-Villegas - MBH Comunicaci\u00f3n\",\"isPartOf\":{\"@id\":\"https:\\\/\\\/mbhcomunicacion.com\\\/#website\"},\"primaryImageOfPage\":{\"@id\":\"https:\\\/\\\/mbhcomunicacion.com\\\/pablo-sainz-villegas\\\/#primaryimage\"},\"image\":{\"@id\":\"https:\\\/\\\/mbhcomunicacion.com\\\/pablo-sainz-villegas\\\/#primaryimage\"},\"thumbnailUrl\":\"https:\\\/\\\/i0.wp.com\\\/mbhcomunicacion.com\\\/wp-content\\\/uploads\\\/2023\\\/04\\\/10_Pablo-Sainz-Villegas-%C2%A9-Rafael-Lafuente.jpg?fit=3543%2C2362&ssl=1\",\"datePublished\":\"2023-05-12T08:54:56+00:00\",\"dateModified\":\"2025-02-28T14:59:17+00:00\",\"description\":\"Pablo Sainz-Villegas trabaja con MBH Comunicaci\u00f3n, agencia que desarrolla planes de comunicaci\u00f3n en el \u00e1mbito cultural, generando estrategias diferenciadoras y contenidos audiovisuales \u00fanicos para su difusi\u00f3n medi\u00e1tica y corporativa.\",\"breadcrumb\":{\"@id\":\"https:\\\/\\\/mbhcomunicacion.com\\\/pablo-sainz-villegas\\\/#breadcrumb\"},\"inLanguage\":\"en-GB\",\"potentialAction\":[{\"@type\":\"ReadAction\",\"target\":[\"https:\\\/\\\/mbhcomunicacion.com\\\/pablo-sainz-villegas\\\/\"]}]},{\"@type\":\"ImageObject\",\"inLanguage\":\"en-GB\",\"@id\":\"https:\\\/\\\/mbhcomunicacion.com\\\/pablo-sainz-villegas\\\/#primaryimage\",\"url\":\"https:\\\/\\\/i0.wp.com\\\/mbhcomunicacion.com\\\/wp-content\\\/uploads\\\/2023\\\/04\\\/10_Pablo-Sainz-Villegas-%C2%A9-Rafael-Lafuente.jpg?fit=3543%2C2362&ssl=1\",\"contentUrl\":\"https:\\\/\\\/i0.wp.com\\\/mbhcomunicacion.com\\\/wp-content\\\/uploads\\\/2023\\\/04\\\/10_Pablo-Sainz-Villegas-%C2%A9-Rafael-Lafuente.jpg?fit=3543%2C2362&ssl=1\",\"width\":3543,\"height\":2362},{\"@type\":\"BreadcrumbList\",\"@id\":\"https:\\\/\\\/mbhcomunicacion.com\\\/pablo-sainz-villegas\\\/#breadcrumb\",\"itemListElement\":[{\"@type\":\"ListItem\",\"position\":1,\"name\":\"Portada\",\"item\":\"https:\\\/\\\/mbhcomunicacion.com\\\/\"},{\"@type\":\"ListItem\",\"position\":2,\"name\":\"PABLO SAINZ-VILLEGAS\"}]},{\"@type\":\"WebSite\",\"@id\":\"https:\\\/\\\/mbhcomunicacion.com\\\/#website\",\"url\":\"https:\\\/\\\/mbhcomunicacion.com\\\/\",\"name\":\"MBH Comunicaci\u00f3n\",\"description\":\"MBH desarrolla estrategias de comunicaci\u00f3n en el \u00e1mbito cultural en Espa\u00f1a, generando proyectos personalizados y contenidos audiovisuales con una narrativa \u00fanica para su difusi\u00f3n en medios generalistas de m\u00e1xima audiencia.\",\"publisher\":{\"@id\":\"https:\\\/\\\/mbhcomunicacion.com\\\/#organization\"},\"potentialAction\":[{\"@type\":\"SearchAction\",\"target\":{\"@type\":\"EntryPoint\",\"urlTemplate\":\"https:\\\/\\\/mbhcomunicacion.com\\\/?s={search_term_string}\"},\"query-input\":{\"@type\":\"PropertyValueSpecification\",\"valueRequired\":true,\"valueName\":\"search_term_string\"}}],\"inLanguage\":\"en-GB\"},{\"@type\":\"Organization\",\"@id\":\"https:\\\/\\\/mbhcomunicacion.com\\\/#organization\",\"name\":\"MBH Comunicaci\u00f3n\",\"url\":\"https:\\\/\\\/mbhcomunicacion.com\\\/\",\"logo\":{\"@type\":\"ImageObject\",\"inLanguage\":\"en-GB\",\"@id\":\"https:\\\/\\\/mbhcomunicacion.com\\\/#\\\/schema\\\/logo\\\/image\\\/\",\"url\":\"https:\\\/\\\/i0.wp.com\\\/mbhcomunicacion.es\\\/wp-content\\\/uploads\\\/2021\\\/12\\\/cabecera-web2.png?fit=2000%2C380&ssl=1\",\"contentUrl\":\"https:\\\/\\\/i0.wp.com\\\/mbhcomunicacion.es\\\/wp-content\\\/uploads\\\/2021\\\/12\\\/cabecera-web2.png?fit=2000%2C380&ssl=1\",\"width\":2000,\"height\":380,\"caption\":\"MBH Comunicaci\u00f3n\"},\"image\":{\"@id\":\"https:\\\/\\\/mbhcomunicacion.com\\\/#\\\/schema\\\/logo\\\/image\\\/\"},\"sameAs\":[\"https:\\\/\\\/www.facebook.com\\\/MBHComunicacion\",\"https:\\\/\\\/x.com\\\/MbhComunicacion\",\"https:\\\/\\\/www.instagram.com\\\/mbh_comunicacion\\\/?hl=es\",\"https:\\\/\\\/www.youtube.com\\\/channel\\\/UCfCmvO_r4M6rMH2-00qF1eA\"]}]}<\/script>\n<!-- \/ Yoast SEO plugin. -->","yoast_head_json":{"title":"Pablo Sainz-Villegas - MBH Comunicaci\u00f3n","description":"Pablo Sainz-Villegas trabaja con MBH Comunicaci\u00f3n, agencia que desarrolla planes de comunicaci\u00f3n en el \u00e1mbito cultural, generando estrategias diferenciadoras y contenidos audiovisuales \u00fanicos para su difusi\u00f3n medi\u00e1tica y corporativa.","robots":{"index":"index","follow":"follow","max-snippet":"max-snippet:-1","max-image-preview":"max-image-preview:large","max-video-preview":"max-video-preview:-1"},"canonical":"https:\/\/mbhcomunicacion.com\/en\/pablo-sainz-villegas\/","og_locale":"en_GB","og_type":"article","og_title":"Pablo Sainz-Villegas - MBH Comunicaci\u00f3n","og_description":"Pablo Sainz-Villegas trabaja con MBH Comunicaci\u00f3n, agencia que desarrolla planes de comunicaci\u00f3n en el \u00e1mbito cultural, generando estrategias diferenciadoras y contenidos audiovisuales \u00fanicos para su difusi\u00f3n medi\u00e1tica y corporativa.","og_url":"https:\/\/mbhcomunicacion.com\/en\/pablo-sainz-villegas\/","og_site_name":"MBH Comunicaci\u00f3n","article_publisher":"https:\/\/www.facebook.com\/MBHComunicacion","article_modified_time":"2025-02-28T14:59:17+00:00","og_image":[{"width":3543,"height":2362,"url":"https:\/\/mbhcomunicacion.com\/wp-content\/uploads\/2023\/04\/10_Pablo-Sainz-Villegas-\u00a9-Rafael-Lafuente.jpg","type":"image\/jpeg"}],"twitter_card":"summary_large_image","twitter_site":"@MbhComunicacion","twitter_misc":{"Estimated reading time":"1 minute"},"schema":{"@context":"https:\/\/schema.org","@graph":[{"@type":"WebPage","@id":"https:\/\/mbhcomunicacion.com\/pablo-sainz-villegas\/","url":"https:\/\/mbhcomunicacion.com\/pablo-sainz-villegas\/","name":"Pablo Sainz-Villegas - MBH Comunicaci\u00f3n","isPartOf":{"@id":"https:\/\/mbhcomunicacion.com\/#website"},"primaryImageOfPage":{"@id":"https:\/\/mbhcomunicacion.com\/pablo-sainz-villegas\/#primaryimage"},"image":{"@id":"https:\/\/mbhcomunicacion.com\/pablo-sainz-villegas\/#primaryimage"},"thumbnailUrl":"https:\/\/i0.wp.com\/mbhcomunicacion.com\/wp-content\/uploads\/2023\/04\/10_Pablo-Sainz-Villegas-%C2%A9-Rafael-Lafuente.jpg?fit=3543%2C2362&ssl=1","datePublished":"2023-05-12T08:54:56+00:00","dateModified":"2025-02-28T14:59:17+00:00","description":"Pablo Sainz-Villegas trabaja con MBH Comunicaci\u00f3n, agencia que desarrolla planes de comunicaci\u00f3n en el \u00e1mbito cultural, generando estrategias diferenciadoras y contenidos audiovisuales \u00fanicos para su difusi\u00f3n medi\u00e1tica y corporativa.","breadcrumb":{"@id":"https:\/\/mbhcomunicacion.com\/pablo-sainz-villegas\/#breadcrumb"},"inLanguage":"en-GB","potentialAction":[{"@type":"ReadAction","target":["https:\/\/mbhcomunicacion.com\/pablo-sainz-villegas\/"]}]},{"@type":"ImageObject","inLanguage":"en-GB","@id":"https:\/\/mbhcomunicacion.com\/pablo-sainz-villegas\/#primaryimage","url":"https:\/\/i0.wp.com\/mbhcomunicacion.com\/wp-content\/uploads\/2023\/04\/10_Pablo-Sainz-Villegas-%C2%A9-Rafael-Lafuente.jpg?fit=3543%2C2362&ssl=1","contentUrl":"https:\/\/i0.wp.com\/mbhcomunicacion.com\/wp-content\/uploads\/2023\/04\/10_Pablo-Sainz-Villegas-%C2%A9-Rafael-Lafuente.jpg?fit=3543%2C2362&ssl=1","width":3543,"height":2362},{"@type":"BreadcrumbList","@id":"https:\/\/mbhcomunicacion.com\/pablo-sainz-villegas\/#breadcrumb","itemListElement":[{"@type":"ListItem","position":1,"name":"Portada","item":"https:\/\/mbhcomunicacion.com\/"},{"@type":"ListItem","position":2,"name":"PABLO SAINZ-VILLEGAS"}]},{"@type":"WebSite","@id":"https:\/\/mbhcomunicacion.com\/#website","url":"https:\/\/mbhcomunicacion.com\/","name":"MBH Comunicaci\u00f3n","description":"MBH desarrolla estrategias de comunicaci\u00f3n en el \u00e1mbito cultural en Espa\u00f1a, generando proyectos personalizados y contenidos audiovisuales con una narrativa \u00fanica para su difusi\u00f3n en medios generalistas de m\u00e1xima audiencia.","publisher":{"@id":"https:\/\/mbhcomunicacion.com\/#organization"},"potentialAction":[{"@type":"SearchAction","target":{"@type":"EntryPoint","urlTemplate":"https:\/\/mbhcomunicacion.com\/?s={search_term_string}"},"query-input":{"@type":"PropertyValueSpecification","valueRequired":true,"valueName":"search_term_string"}}],"inLanguage":"en-GB"},{"@type":"Organization","@id":"https:\/\/mbhcomunicacion.com\/#organization","name":"MBH Comunicaci\u00f3n","url":"https:\/\/mbhcomunicacion.com\/","logo":{"@type":"ImageObject","inLanguage":"en-GB","@id":"https:\/\/mbhcomunicacion.com\/#\/schema\/logo\/image\/","url":"https:\/\/i0.wp.com\/mbhcomunicacion.es\/wp-content\/uploads\/2021\/12\/cabecera-web2.png?fit=2000%2C380&ssl=1","contentUrl":"https:\/\/i0.wp.com\/mbhcomunicacion.es\/wp-content\/uploads\/2021\/12\/cabecera-web2.png?fit=2000%2C380&ssl=1","width":2000,"height":380,"caption":"MBH Comunicaci\u00f3n"},"image":{"@id":"https:\/\/mbhcomunicacion.com\/#\/schema\/logo\/image\/"},"sameAs":["https:\/\/www.facebook.com\/MBHComunicacion","https:\/\/x.com\/MbhComunicacion","https:\/\/www.instagram.com\/mbh_comunicacion\/?hl=es","https:\/\/www.youtube.com\/channel\/UCfCmvO_r4M6rMH2-00qF1eA"]}]}},"jetpack_likes_enabled":true,"jetpack_sharing_enabled":true,"jetpack_shortlink":"https:\/\/wp.me\/PdAqD9-Op","_links":{"self":[{"href":"https:\/\/mbhcomunicacion.com\/en\/wp-json\/wp\/v2\/pages\/3125","targetHints":{"allow":["GET"]}}],"collection":[{"href":"https:\/\/mbhcomunicacion.com\/en\/wp-json\/wp\/v2\/pages"}],"about":[{"href":"https:\/\/mbhcomunicacion.com\/en\/wp-json\/wp\/v2\/types\/page"}],"author":[{"embeddable":true,"href":"https:\/\/mbhcomunicacion.com\/en\/wp-json\/wp\/v2\/users\/42497691"}],"replies":[{"embeddable":true,"href":"https:\/\/mbhcomunicacion.com\/en\/wp-json\/wp\/v2\/comments?post=3125"}],"version-history":[{"count":60,"href":"https:\/\/mbhcomunicacion.com\/en\/wp-json\/wp\/v2\/pages\/3125\/revisions"}],"predecessor-version":[{"id":6414,"href":"https:\/\/mbhcomunicacion.com\/en\/wp-json\/wp\/v2\/pages\/3125\/revisions\/6414"}],"wp:featuredmedia":[{"embeddable":true,"href":"https:\/\/mbhcomunicacion.com\/en\/wp-json\/wp\/v2\/media\/2632"}],"wp:attachment":[{"href":"https:\/\/mbhcomunicacion.com\/en\/wp-json\/wp\/v2\/media?parent=3125"}],"curies":[{"name":"wp","href":"https:\/\/api.w.org\/{rel}","templated":true}]}}